{"version":"1.0","provider_name":"Terrierter\u00e1pia, kock\u00e1zatokkal \u00e9s mell\u00e9khat\u00e1sokkal...","provider_url":"https:\/\/terrierterapia.cafeblog.hu","author_name":"Schmidt \u00c1gnes","author_url":"https:\/\/terrierterapia.cafeblog.hu\/author\/schmidt_agnes\/","title":"Great pretender...","html":"<p>Sosem tudod meg addig, \u00a0milyen fontos val\u00f3j\u00e1ban sz\u00e1modra valaki, am\u00edg el nem vesz\u00edted. Spyke elt\u0171n\u00e9se alatt, v\u00e9gig l\u00e9g\u00fcres t\u00e9rben \u00e9lt\u00fcnk. Veget\u00e1ltunk. F\u00e9lt\u00fcnk m\u00e9g egym\u00e1ssal is megosztani a legs\u00f6t\u00e9tebb gondolatainkat. Ez\u00e9rt, ink\u00e1bb elmondtam a l\u00e1nyoknak. Mindenkinek aki h\u00edvott, \u00e9s mindenkinek aki az utamba ker\u00fclt. Nem lett k\u00f6nnyebb. Kis\u00edrtam ugyan magam, de a f\u00e1jdalom nem enyh\u00fclt.<\/p>\r\n<p>Rettegt\u00fcnk minden \u00fajabb napt\u00f3l, \u00a0az \u00fcresen kong\u00f3 lak\u00e1st\u00f3l. Megbesz\u00e9lt\u00fck Gazdival, hogy ha h\u00e9tv\u00e9g\u00e9ig sem ker\u00fcl el\u0151, akkor kuty\u00e1k k\u00f6z\u00e9 megy\u00fcnk. \u0150k tudt\u00e1k csak oldani kiss\u00e9 a k\u00ednt. Plak\u00e1tol\u00e1s k\u00f6zben, teljesen v\u00e9letlen\u00fcl \u00f6sszefutottunk S\u00e1ri \u00e9s Rozi Gazdikkal. \u0150k tudj\u00e1k, ismerik milyen az igazi vesztes\u00e9g. S\u00edrva \u00f6ltem Rozika mamij\u00e1t. Akkor fogalmaz\u00f3dott meg bennem, ha nem ker\u00fcl el\u0151 Spyke, a h\u00e9tv\u00e9g\u00e9t a l\u00e1nyokkal szeretn\u00e9m t\u00f6lteni. Szerencs\u00e9re erre nem ker\u00fclt sor - csak egy h\u00e9t m\u00falva, m\u00e1r h\u00e1rom kuty\u00e1val - mert p\u00e9nteken visszaker\u00fclt hozz\u00e1nk a kis terrier. Most elmes\u00e9lem pontr\u00f3l pontra, hogy viselkedik egy frissen el\u0151ker\u00fclt PRT.<\/p>\r\n<p>1. LIFT... \u00a0 \u00a0 \u00a0 \u00a0 \u00a0 \u00a0 \u00a0 \u00a0 \u00a0 \u00a0 \u00a0 \u00a0 \u00a0 \u00a0 \u00a0 \u00a0 \u00a0 \u00a0 \u00a0 \u00a0 \u00a0 \u00a0 \u00a0 \u00a0 \u00a0 \u00a0 \u00a0 \u00a0 \u00a0 \u00a0 \u00a0 \u00a0 \u00a0 \u00a0 \u00a0 \u00a0 \u00a0 \u00a0 \u00a0 \u00a0 \u00a0 \u00a0 \u00a0 \u00a0 \u00a0 \u00a0 \u00a0 \u00a0 \u00a0 \u00a0 \u00a0 \u00a0 \u00a0 \u00a0 \u00a0 \u00a0 \u00a0 \u00a0 \u00a0 \u00a0 \u00a0 \u00a0 \u00a0 \u00a0 \u00a0 \u00a0 \u00a0 \u00a0 \u00a0 \u00a0 \u00a0 \u00a0 \u00a0 \u00a0 \u00a0 \u00a0 \u00a0 \u00a0 \u00a0 \u00a0 \u00a0 \u00a0 \u00a0 \u00a0 \u00a0 \u00a0 \u00a0 \u00a0 \u00a0 \u00a0 \u00a0 \u00a0 \u00a0<\/p>\r\n<p>Romos \u00e1llapotban volt. Kisz\u00e1radva, lefogyva, porosan vitt\u00fck haza. A combj\u00e1r\u00f3l, azok a gy\u00f6ny\u00f6r\u0171 kis kerek izmok elt\u0171ntek, \u00e9s egy csoffadt kuty\u00e1nk volt. A l\u00e9pcs\u0151z\u00e9sn\u00e9l beseg\u00edtettem, hogy ne er\u0151ltesse mag\u00e1t. Napokig hordtam a sz\u00edvem felett :-), fel \u00e9s le. Javaslom, sose tegyetek ilyet egy terrierrel. P\u00e1r nap m\u00falva, amikor kialudta mag\u00e1t, kicsit feler\u0151s\u00f6d\u00f6tt, a s\u00e9t\u00e1kb\u00f3l hazafel\u00e9 menet, konzekvensen lef\u00e9kezett az els\u0151 l\u00e9pcs\u0151n\u00e9l, keresztbe \u00e1llt \u00e9s v\u00e1rta, hogy induljon a lift. :-) Csak arra v\u00e1rt, hogy felvegyem \u00e9s cipeljem fel. Nagy ritk\u00e1n m\u00e9g napokkal k\u00e9s\u0151bb is bed\u0151ltem neki, \u00e9s megtettem. Majd az ajt\u00f3nk el\u0151tt, miut\u00e1n letettem r\u00e1m n\u00e9zett \u00e9s elindult fel a t\u00e1mfalra, \u00e1t a vizsl\u00e1khoz. M\u00e9g magasabb l\u00e9pcs\u0151k\u0151n mint amin \u00e9n cipeltem, sim\u00e1n futva. :-) \u00c9ppen csak nem kettes\u00e9vel szedve a l\u00e9pcs\u0151ket. Akkor m\u00e1r tudtam, hogy j\u00f3l van. Csak szimul\u00e1l, \u00e9s \u00e9lvezi a t\u00f6r\u0151d\u00e9st, \u00e9s a liftez\u00e9st.<\/p>\r\n<p>2. RIZS...<\/p>\r\n<p>De vissza az els\u0151 \u00f3r\u00e1khoz. \u00a0Kezel\u0151, amint Spyke el\u0151ker\u00fclt, riad\u00f3t f\u00fajt, \u00e9s hasny\u00e1lmirigy gyullad\u00e1st vizion\u00e1lt. Ez\u00e9rt csak rizst - h\u00fas n\u00e9lk\u00fcl- enged\u00e9lyezett Spy-nak. Akkora mennyis\u00e9gben, mint a tenyerem, h\u00e1romszorra elosztva. Majdnem els\u00edrtam magam. Ez a kutya \u00e9let\u00e9ben nem ette meg a rizst. Soha. Hi\u00e1ba pr\u00f3b\u00e1lkoztam, k\u00e9rleltem, \u00a0a Kezel\u0151 nem engedett. Haza\u00e9rve, felvett\u00fck a kaj\u00e1s t\u00e1ny\u00e9rt, Spyke pedig nem \u00e9rtette a dolgot. J\u00e1rk\u00e1lt fel-al\u00e1, nagyon \u00e9hes volt. V\u00e9g\u00fcl megf\u0151tt a rizs, \u00e9s \u00e9n kiporci\u00f3ztam. Az\u00e9rt, hogy m\u00e9g finomabb legyen sz\u00f3rtam r\u00e1 egy kis probiotikumot is. \/Szint\u00e9n Kezel\u0151 receptje. :-) Nem is \u00e9rtem, mi\u00e9rt nem jelent meg eddig szak\u00e1csk\u00f6nyve, vagy szerepel f\u0151z\u0151s m\u0171sorokban. Esetleg, \u00edrhatna egy blogot is tuti receptekkel.\/ Sz\u00f3val, letettem \u00e9s v\u00e1rtam mi fog t\u00f6rt\u00e9nni. A kutya nekiesett. A probiotikumos rizsnek! Felszippantotta, \u00fagy ahogy volt.<\/p>\r\n[caption id=\"attachment_1353\" align=\"aligncenter\" width=\"300\"]<a href=\"https:\/\/terrierterapia.cafeblog.hu\/files\/2015\/10\/DSC01892.jpg\"><img class=\"size-medium wp-image-1353\" src=\"https:\/\/terrierterapia.cafeblog.hu\/files\/2015\/10\/DSC01892-300x225.jpg\" alt=\"Spy \u00fcres, f\u00e9nyesre nyalt kist\u00e1ny\u00e9rja...\" width=\"300\" height=\"225\" \/><\/a> Spy \u00fcres, f\u00e9nyesre nyalt kist\u00e1ny\u00e9rja...[\/caption]\r\n<p>Elh\u0171lten n\u00e9ztem, \u00e9s csod\u00e1lkoztam, hogy ez a kutya mindenev\u0151, csak minket sz\u00f3rakoztatott r\u00f6pke 8 \u00e9ven \u00e1t a v\u00e1logat\u00e1s\u00e1val. Az\u00f3ta is kedveli a rizst. Persze m\u00e1r h\u00fassal. :-) Mikor tudtam, hogy \u00fajra a r\u00e9gi? Hetekkel k\u00e9s\u0151bb, egyszer vadrizst \u00e9s tonhalat kapott. A halat ut\u00e1lta mindig is. Fellelkes\u00fcltem a rizsen, \u00e9s a magam sz\u00f3rakoztat\u00e1s\u00e1ra kipr\u00f3b\u00e1ltam, h\u00e1tha. A t\u00e1ny\u00e9rb\u00f3l nem ette meg. Fintorogva elker\u00fclte. Le\u00fcltem mell\u00e9, \u00e9s a kezemb\u0151l pr\u00f3b\u00e1ltam etetni. \u00dagy reag\u00e1lt r\u00e1, mint \u00f6rd\u00f6g a t\u00f6mj\u00e9nf\u00fcstre. Elh\u00e1tr\u00e1lt \u00e9s otthagyott. :-) Bezzeg a probiotikumos rizs p\u00e1r hete m\u00e9g tuti volt, mi?<\/p>\r\n<p>3. \u00c9JSZAKA...<\/p>\r\n<p>Addig az\u00e9rt nem tudtam aludni, mert nem volt otthon Spyke, akkor \u00e9jjel meg az\u00e9rt nem, mert otthon volt. Tudom furcsa, de ha nagyon nagy \u00f6r\u00f6m \u00e9r, akkor m\u00e9g ink\u00e1bb \u00e9ber leszek. \u00d3r\u00e1kig hallgattam a szuszog\u00e1s\u00e1t, arcomon mosollyal. Ez a mosoly, csak azokban a pillanatokban fagyott le, amikor Kezel\u0151 v\u00edzi\u00f3ja szerint, megpr\u00f3b\u00e1ltam felfedezni az alv\u00f3 kuty\u00e1n a kezdeti hasny\u00e1lmirigy gyullad\u00e1s els\u0151 jeleit. Gondoltam esetleg felh\u00edvom, hogy pontos\u00edtsuk a t\u00fcneteket. V\u00e9g\u00fcl is, csak hajnali 4 volt. Miut\u00e1n semmi gyan\u00fasat nem \u00e9szleltem, csak a szok\u00e1sos nyammog\u00e1st \u00e9s s\u00f3hajtoz\u00e1st, \u00fctemes szuszog\u00e1st, picivel k\u00e9s\u0151bb, mikor m\u00e1r az agyam is elf\u00e1radt, elaludtam.<\/p>\r\n[caption id=\"attachment_1354\" align=\"aligncenter\" width=\"300\"]<a href=\"https:\/\/terrierterapia.cafeblog.hu\/files\/2015\/10\/DSC01857.jpg\"><img class=\"size-medium wp-image-1354\" src=\"https:\/\/terrierterapia.cafeblog.hu\/files\/2015\/10\/DSC01857-300x225.jpg\" alt=\"Alv\u00e1s reggel, d\u00e9lben \u00e9s este... M\u00e9g sebesen.\" width=\"300\" height=\"225\" \/><\/a> Alv\u00e1s reggel, d\u00e9lben \u00e9s este... M\u00e9g sebesen.[\/caption]\r\n[caption id=\"attachment_1357\" align=\"aligncenter\" width=\"300\"]<a href=\"https:\/\/terrierterapia.cafeblog.hu\/files\/2015\/10\/DSC01878.jpg\"><img class=\"size-medium wp-image-1357\" src=\"https:\/\/terrierterapia.cafeblog.hu\/files\/2015\/10\/DSC01878-300x225.jpg\" alt=\"Alv\u00e1s, d\u00e9lben...\" width=\"300\" height=\"225\" \/><\/a> Alv\u00e1s. Csak a helysz\u00edn v\u00e1ltozott...[\/caption]\r\n<p>Spyke teljes h\u00e1rom napot aludt v\u00e9gig. Csak enni - rizst :-) - \u00e9s s\u00e9t\u00e1lni ker\u00fclt el\u0151. \u00cdgy regener\u00e1l\u00f3dott, a maga m\u00f3dj\u00e1n.<\/p>\r\n<p>4. S\u00c9TA...<\/p>\r\n<p>M\u00e1snap, el\u00e9rkezettnek l\u00e1ttam az id\u0151t egy k\u00f6z\u00f6s s\u00e9t\u00e1ra. Boldogan aut\u00f3ztam vele, \u00e9s magamban ujjongtam, hogy ez a kutya most m\u00e1r biztosan, \u00e9lte v\u00e9g\u00e9ig mellettem fog s\u00e9t\u00e1lni, hiszen, \u00a0biztosan megviselte a t\u00e1voll\u00e9t. R\u00e9mlett, hogy h\u00e1ny kuty\u00e1s t\u00f6rt\u00e9netet hallottam arr\u00f3l, hogy egy nap a Gazda n\u00e9lk\u00fcl, hogyan v\u00e1ltoztatott \u00e1t sz\u00f6k\u0151s kuty\u00e1kat, igazi l\u00e1b mellett s\u00e9t\u00e1l\u00f3 minta ebekk\u00e9. Percekre voltam att\u00f3l, hogy ezt \u00e9l\u0151ben is l\u00e1ssam. :-D Elindultunk, \u00e9s l\u00e1ttam Spyke-n, hogy p\u00f3tolja a kiesett napokat. Szagl\u00e1szott, rohang\u00e1lt. Engedtem, hogy kitombolja mag\u00e1t, majd oda h\u00edvtam, magamhoz. R\u00e1m sem n\u00e9zett. Nem reag\u00e1lt, majd elindult az ellenkez\u0151 ir\u00e1nyba. Ennyit arr\u00f3l, mennyire viselte meg a dolog. D\u00faltam-f\u00faltam. Az els\u0151 s\u00e9t\u00e1nkon m\u00e9gsem nyomhatom le. Vagy m\u00e9gis? \u00c1, nem! Olyan kis elesett. Soha ne d\u0151ljetek be ennek! M\u00e1snap, \u00fajra ez volt az \u00fcgymenet. Nem gondolkodtam tov\u00e1bb, nem sajn\u00e1ltam tov\u00e1bb. Lenyomtam. Az\u00f3ta is rendben megy a beh\u00edv\u00e1s. Ennyit arr\u00f3l, mekkora j\u00e1t\u00e9kosok, \u00e9s hogyan haszn\u00e1lnak ki minden lehet\u0151s\u00e9get. Szemtelen, b\u00fcd\u00f6s terrierje. :-)\u00a0<\/p>\r\n<p>5. KUK\u00c1Z\u00c1S...<\/p>\r\n<p>Szerintem, ez is Kezel\u0151 hib\u00e1ja. :-) Spyke addig egyszer sem \u00e9hezett. Soha nem kellett \u00f6sszeszednie semmit. Nem is kuk\u00e1zott. Soha! Azokban a napokban azonban az \u00f6nfenntart\u00f3 \u00f6szt\u00f6n be\u00e9lesedett, \u00e9s probiotikumos rizs ide vagy oda, megpr\u00f3b\u00e1lt gondoskodni mag\u00e1r\u00f3l. Azt vettem \u00e9szre, hogy a kutya, kem\u00e9nyen kuk\u00e1zik. Addig erre nem volt p\u00e9lda, \u00e9s kor\u00e1bban nem kellett kifeszegetnem csirkecsontokat, szal\u00e1mi h\u00e9jakat \u00e9s egy\u00e9b \u00ednycsikland\u00f3 dolgokat a sz\u00e1j\u00e1b\u00f3l. H\u00fclye vagy? Hasny\u00e1lmirigy gyullad\u00e1st kapsz! - mondatokkal k\u00eds\u00e9rve mindezt. \u00dagy egy h\u00e9tig, r\u00e1vert b\u00e1rmilyen hajl\u00e9ktalanra, ha kaj\u00e1r\u00f3l volt sz\u00f3. A kuk\u00e1k, t\u0171zrak\u00f3 helyek voltak a kedvenc terepei. Legyen sz\u00f3 elszenesedett hagym\u00e1r\u00f3l, szalonna b\u0151rr\u0151l, vagy b\u00e1rmi m\u00e1sr\u00f3l, minden \u00e9rdekelte.<\/p>\r\n[caption id=\"attachment_1358\" align=\"aligncenter\" width=\"300\"]<a href=\"https:\/\/terrierterapia.cafeblog.hu\/files\/2015\/10\/DSC08065.jpg\"><img class=\"size-medium wp-image-1358\" src=\"https:\/\/terrierterapia.cafeblog.hu\/files\/2015\/10\/DSC08065-300x225.jpg\" alt=\"Finom szalonnab\u0151r...\" width=\"300\" height=\"225\" \/><\/a> Finom szalonnab\u0151r...[\/caption]\r\n<p>Az \u00e9tel adagok n\u00f6vel\u00e9s\u00e9vel, \u00e9s a min\u0151s\u00e9gi v\u00e1ltoz\u00e1ssal p\u00e1rhuzamosan, ez is megsz\u0171nt. Ma m\u00e1r \u00fajra v\u00e1logat, \u00e9s nem kuk\u00e1zik. :-D<\/p>\r\n<p>6. NYOMK\u00d6VET\u00c9S...<\/p>\r\n<p>Els\u0151 felindul\u00e1sunkban - nem mellesleg Kezel\u0151 tan\u00e1cs\u00e1ra, aki b\u00e1mulatos \u00e9rz\u00e9kkel akkor javasolta, amikor m\u00e9g nem volt meg Spyke, hogy k\u00e9ne venn\u00fcnk neki GPS-t - r\u00f6gt\u00f6n beruh\u00e1ztunk egy nyomk\u00f6vet\u0151re, amit azt\u00e1n gondosan fel is applik\u00e1ltunk a kutya nyak\u00f6rv\u00e9re. Egy klassz kis cuccot, olcs\u00f3 szilikon gumival. P\u00e1r nap m\u00falva a nyomk\u00f6vet\u0151 elt\u0171nt. A kutya megvolt! M\u00e9g j\u00f3, hogy be tudtuk m\u00e9rni. A GPS a t\u00e1mfalon volt a boz\u00f3tban. :-) Felk\u00fasztam \u00e9rte, Gazdi navig\u00e1lt, valahogy \u00edgy: \u00a020m-re balra, kicsit feljebb! - \u00e9s v\u00e9gtelen\u00fcl j\u00f3l sz\u00f3rakozott rajtam. Ezt a cuccost sem terrieren tesztelt\u00e9k, az tuti. Meger\u0151s\u00edtett\u00fck a v\u00e9delmet, \u00e9s r\u00e1gyorsk\u00f6t\u00f6z\u0151zt\u00fck a nyak\u00f6rvre. \u00a0Spyke, \u00fagy n\u00e9zett ki \u00a0benne, mint valami kocka, egy val\u00f3di IT guru. M\u00e1r csak egy csuklya hi\u00e1nyzik \u00e9s szerepelhet a Star Wars-ban is.<\/p>\r\n[caption id=\"attachment_1370\" align=\"aligncenter\" width=\"168\"]<a href=\"https:\/\/terrierterapia.cafeblog.hu\/files\/2015\/10\/WP_20150628_005.jpg\"><img class=\"size-medium wp-image-1370\" src=\"https:\/\/terrierterapia.cafeblog.hu\/files\/2015\/10\/WP_20150628_005-168x300.jpg\" alt=\"Im\u00e1dja! :-)\" width=\"168\" height=\"300\" \/><\/a> Im\u00e1dja! :-)[\/caption]\r\n<p>\u00dagy d\u00f6nt\u00f6tt\u00fcnk, a k\u00f6vetkez\u0151 estekben k\u00f6telez\u0151 viselet a GPS. Viharban, napk\u00f6ziben, t\u0171zij\u00e1t\u00e9k \u00e9s Szilveszter eset\u00e9n. \u00a0<\/p>\r\n<p>Sz\u00f3val az a kutya aki el\u0151ker\u00fclt, az els\u0151 p\u00e1r napban m\u00e9g csak nyomokban tartalmazta a kor\u00e1bbi Spy-t. \u00dagy egy h\u00e9t ut\u00e1n, \u00fajra rendesen hallott, l\u00e9pcs\u0151z\u00f6tt, norm\u00e1lisan evett, m\u00e1r nem kuk\u00e1zott, \u00e9s v\u00e9g\u00fcl de nem utols\u00f3 sorban, nem kapott hasny\u00e1lmigy gyullad\u00e1st sem. Elj\u00f6tt az ideje a k\u00f6z\u00f6s s\u00e9t\u00e1knak.\u00a0<\/p>\r\n<p>Egy h\u00e9ttel k\u00e9s\u0151bb, \u00a0S\u00e1rival \u00e9s Rozival, na meg a Gazd\u00e1ikkal. :-) A kuty\u00e1kat nem \u00e9rdekelte, hogy mi t\u00f6rt\u00e9nt Spyke-val. \u0150k ott folytatt\u00e1k, ahol kor\u00e1bban abbahagyt\u00e1k. J\u00e1tszottak. \u00dagy mint mindig. Nyuszisat. :-D<\/p>\r\n<p>\u00c9n, pedig v\u00e9gtelen\u00fcl boldog voltam, hogy h\u00e1rom kuty\u00e1val t\u00f6lt\u00f6tt\u00fck a napot!<\/p>\r\n[caption id=\"attachment_1359\" align=\"aligncenter\" width=\"300\"]<a href=\"https:\/\/terrierterapia.cafeblog.hu\/files\/2015\/10\/DSC08022.jpg\"><img class=\"size-medium wp-image-1359\" src=\"https:\/\/terrierterapia.cafeblog.hu\/files\/2015\/10\/DSC08022-300x225.jpg\" alt=\"Elindultunk...\" width=\"300\" height=\"225\" \/><\/a> Tal\u00e1lkoztunk...[\/caption]\r\n[caption id=\"attachment_1367\" align=\"aligncenter\" width=\"300\"]<a href=\"https:\/\/terrierterapia.cafeblog.hu\/files\/2015\/10\/DSC08145.jpg\"><img class=\"size-medium wp-image-1367\" src=\"https:\/\/terrierterapia.cafeblog.hu\/files\/2015\/10\/DSC08145-300x225.jpg\" alt=\"Na? Ki a nyuszi?\" width=\"300\" height=\"225\" \/><\/a> Na? Ki a nyuszi?[\/caption]\r\n[caption id=\"attachment_1366\" align=\"aligncenter\" width=\"300\"]<a href=\"https:\/\/terrierterapia.cafeblog.hu\/files\/2015\/10\/DSC08109.jpg\"><img class=\"size-medium wp-image-1366\" src=\"https:\/\/terrierterapia.cafeblog.hu\/files\/2015\/10\/DSC08109-300x225.jpg\" alt=\"Az erd\u0151ben...\" width=\"300\" height=\"225\" \/><\/a> Az erd\u0151ben...[\/caption]\r\n[caption id=\"attachment_1360\" align=\"aligncenter\" width=\"300\"]<a href=\"https:\/\/terrierterapia.cafeblog.hu\/files\/2015\/10\/DSC08031.jpg\"><img class=\"size-medium wp-image-1360\" src=\"https:\/\/terrierterapia.cafeblog.hu\/files\/2015\/10\/DSC08031-300x225.jpg\" alt=\"Magaslesen...\" width=\"300\" height=\"225\" \/><\/a> Magaslesen...[\/caption]\r\n[caption id=\"attachment_1362\" align=\"aligncenter\" width=\"300\"]<a href=\"https:\/\/terrierterapia.cafeblog.hu\/files\/2015\/10\/DSC08054.jpg\"><img class=\"size-medium wp-image-1362\" src=\"https:\/\/terrierterapia.cafeblog.hu\/files\/2015\/10\/DSC08054-300x225.jpg\" alt=\"Csoportosan, magaslesen...\" width=\"300\" height=\"225\" \/><\/a> Csoportosan, magaslesen...[\/caption]\r\n[caption id=\"attachment_1361\" align=\"aligncenter\" width=\"300\"]<a href=\"https:\/\/terrierterapia.cafeblog.hu\/files\/2015\/10\/DSC08051.jpg\"><img class=\"size-medium wp-image-1361\" src=\"https:\/\/terrierterapia.cafeblog.hu\/files\/2015\/10\/DSC08051-300x225.jpg\" alt=\"Okos kuty\u00e1k!\" width=\"300\" height=\"225\" \/><\/a> Okos kuty\u00e1k![\/caption]\r\n<p>A t\u00f6rt\u00e9netnek j\u00f3 v\u00e9ge lett. De a l\u00e9nyeg, hogy p\u00e1r nap regener\u00e1l\u00f3d\u00e1s ut\u00e1n, soha ne d\u0151lj\u00fcnk be egy PRT szimul\u00e1l\u00e1s\u00e1nak. Ha rajta m\u00falna, m\u00e9g most is felvon\u00f3zna, vagy arra s\u00e9t\u00e1ltatna engem, amerre kedve tartja. :-) Okos. Nagyon okos!\u00a0<\/p>","type":"rich"}